{"id":2267,"date":"2023-02-03T10:46:26","date_gmt":"2023-02-03T08:46:26","guid":{"rendered":"https:\/\/sediaverde.nl\/?post_type=product&#038;p=2267"},"modified":"2026-02-19T12:16:57","modified_gmt":"2026-02-19T10:16:57","slug":"bequemer-air-burostuhl","status":"publish","type":"product","link":"https:\/\/sediaverde.nl\/de\/producten\/bureaustoel-comfy-air\/","title":{"rendered":"B\u00fcrostuhl Comfy Air"},"content":{"rendered":"<h3>Eigenschaften B\u00fcrostuhl Comfy Air<\/h3>\n<p>F\u00fcr eine optimale dynamische und ergonomische Sitzhaltung<br \/>\nErgonomischer B\u00fcrostuhl mit Zertifikat NEN-EN 1335<br \/>\nLendenwirbelst\u00fctze einstellbar durch Lendenwirbelst\u00fctzpumpe<br \/>\nAusgestattet mit DONATI-Synchronmechanik<br \/>\nArretierbar in 4 Positionen mit R\u00fcckschlagschutz<br \/>\nTiefenverstellung durch Schiebesitz<br \/>\nVerstellbarer Sitzwinkel<br \/>\nEinstellbarer Sitzkippmechanismus<br \/>\nFlexibel h\u00f6henverstellbare R\u00fcckenlehne<br \/>\nR\u00fcckentiefe in 4 Positionen einstellbar<br \/>\n4D verstellbare Armlehnen aus Aluminium<br \/>\nMultifunktions-Rollen 60 mm<br \/>\nGeeignet bis zu 120 kg<br \/>\nWahlweise mit schwarzem Kunststoff-Designerfu\u00dfkreuz oder Chrom-Fu\u00dfkreuz<br \/>\nGestellfarbe schwarz mit silbergrauen Akzenten<br \/>\nSchwarz gepolsterter Sitz und R\u00fcckenlehne (einzigartiges Design mit kontrastierenden Duo-N\u00e4hten)<br \/>\nAndere Farben verf\u00fcgbar mit 12 Wochen Lieferzeit<br \/>\nIlse Polsterung - Verschlei\u00dffestigkeit 120.000 Martindale - feuerfest<br \/>\nSitz mit hochwertigem Schaumstoff gef\u00fcllt<br \/>\n5 Jahre Garantie<\/p>\n<h4>Verpackungsspezifikationen<\/h4>\n<p>Einheiten pro Box: 1 St\u00fcck<br \/>\nAbmessungen: 76 (L) x 40 (B) x 65 (H) cm<br \/>\nNettogewicht: 22 kg<br \/>\nBruttogewicht: 23 kg<\/p>\n<h4>Optionen<\/h4>\n<p>3D-Softkopfst\u00fctze (H\u00f6he, Tiefe, neigbar)<\/p>","protected":false},"excerpt":{"rendered":"<p>Der B\u00fcrostuhl Comfy Air ist der perfekte B\u00fcrostuhl f\u00fcr Menschen mit k\u00f6rperlichen Beschwerden. Er verf\u00fcgt n\u00e4mlich \u00fcber eine Pumpe zur Lendenwirbelst\u00fctze. Au\u00dferdem sind Sitz und R\u00fcckenlehne vollst\u00e4ndig mit der superstarken Ilse-Polsterung gepolstert.<\/p>\n<p><strong>Schwarz ab Lager lieferbar, andere Farben sind mit Lieferzeit erh\u00e4ltlich.<\/strong><\/p>","protected":false},"featured_media":13856,"template":"","meta":[],"product_brand":[],"product_cat":[309],"product_tag":[310,311,312,313],"class_list":{"0":"post-2267","1":"product","2":"type-product","3":"status-publish","4":"has-post-thumbnail","6":"product_cat-groothandel-bureaustoel","7":"product_tag-bureaustoel","8":"product_tag-er3","9":"product_tag-ergonomisch","10":"product_tag-zwart-voetkruis","12":"first","13":"instock","14":"taxable","15":"shipping-taxable","16":"product-type-variable","17":"has-default-attributes","18":"wvs-archive-product-wrapper"},"_links":{"self":[{"href":"https:\/\/sediaverde.nl\/de\/wp-json\/wp\/v2\/product\/2267","targetHints":{"allow":["GET"]}}],"collection":[{"href":"https:\/\/sediaverde.nl\/de\/wp-json\/wp\/v2\/product"}],"about":[{"href":"https:\/\/sediaverde.nl\/de\/wp-json\/wp\/v2\/types\/product"}],"wp:featuredmedia":[{"embeddable":true,"href":"https:\/\/sediaverde.nl\/de\/wp-json\/wp\/v2\/media\/13856"}],"wp:attachment":[{"href":"https:\/\/sediaverde.nl\/de\/wp-json\/wp\/v2\/media?parent=2267"}],"wp:term":[{"taxonomy":"product_brand","embeddable":true,"href":"https:\/\/sediaverde.nl\/de\/wp-json\/wp\/v2\/product_brand?post=2267"},{"taxonomy":"product_cat","embeddable":true,"href":"https:\/\/sediaverde.nl\/de\/wp-json\/wp\/v2\/product_cat?post=2267"},{"taxonomy":"product_tag","embeddable":true,"href":"https:\/\/sediaverde.nl\/de\/wp-json\/wp\/v2\/product_tag?post=2267"}],"curies":[{"name":"wp","href":"https:\/\/api.w.org\/{rel}","templated":true}]}}