{"id":2458,"date":"2023-05-10T13:37:39","date_gmt":"2023-05-10T11:37:39","guid":{"rendered":"https:\/\/sediaverde.nl\/?post_type=product&#038;p=2458"},"modified":"2026-02-17T10:34:47","modified_gmt":"2026-02-17T08:34:47","slug":"vane-burostuhl","status":"publish","type":"product","link":"https:\/\/sediaverde.nl\/de\/producten\/bureaustoel-vane\/","title":{"rendered":"B\u00fcrostuhl Vane - Schwarz"},"content":{"rendered":"<h3>Eigenschaften B\u00fcrostuhl Vane - Schwarz<\/h3>\n<p>Ergonomischer B\u00fcrostuhl mit Zertifikat NEN-EN 1335<br \/>\nAusgestattet mit Synchronmechanik<br \/>\nR\u00fcckenlehne in 4 Positionen arretierbar mit R\u00fcckschlagschutz<br \/>\nTiefenverstellung durch Schiebesitz<br \/>\n3D-verstellbare Armlehnen aus Aluminium<br \/>\nMultifunktions-Rollen 60 mm<br \/>\nGeeignet bis zu 150 kg<br \/>\nDesignerfu\u00dfkreuz aus schwarzem Kunststoff<br \/>\nSchwarz gepolsterter Sitz und Netzr\u00fccken (dieser Stuhl ist auch in Grau erh\u00e4ltlich)<br \/>\nAndere Farben verf\u00fcgbar mit 12 Wochen Lieferzeit<br \/>\nEmma-Polsterung - Verschlei\u00dffestigkeit 100.000 Martindale - feuerbest\u00e4ndig<br \/>\nSehr bequemer Sitz durch Formschaumsitz<br \/>\n5 Jahre Garantie<\/p>\n<h4><strong>Verpackungsspezifikationen<\/strong><\/h4>\n<p>Einheiten pro Box: 1 St\u00fcck<br \/>\nAbmessungen: 73 (L) x 33 (B) x 65 (H) cm<br \/>\nNettogewicht: 18,2 kg<br \/>\nBruttogewicht: 19,2 kg<\/p>\n<h4>Optionen<\/h4>\n<p>Kopfst\u00fctze (in der H\u00f6he verstellbar)<\/p>","protected":false},"excerpt":{"rendered":"<p>M\u00f6chten auch Sie Ihren Stuhl so einstellen k\u00f6nnen, dass er mit wenigen Handgriffen auch \u00fcber l\u00e4ngere Zeit bequem sitzt? Dann kommen Sie bald zu unserem B\u00fcrostuhl Vane. Denn dieser Stuhl ist sehr einfach zu bedienen, da alle Bedienelemente an der Sitzvorderseite angebracht sind. Das sorgt auch f\u00fcr ein sch\u00f6nes Design.<\/p>\n<p><strong>Schwarz und Grau sind ab Lager lieferbar, andere Farben sind mit Lieferfrist erh\u00e4ltlich.<\/strong><\/p>","protected":false},"featured_media":10335,"template":"","meta":[],"product_brand":[],"product_cat":[309],"product_tag":[310,312,334,313],"class_list":{"0":"post-2458","1":"product","2":"type-product","3":"status-publish","4":"has-post-thumbnail","6":"product_cat-groothandel-bureaustoel","7":"product_tag-bureaustoel","8":"product_tag-ergonomisch","9":"product_tag-vane","10":"product_tag-zwart-voetkruis","12":"first","13":"instock","14":"taxable","15":"shipping-taxable","16":"product-type-variable","17":"wvs-archive-product-wrapper"},"_links":{"self":[{"href":"https:\/\/sediaverde.nl\/de\/wp-json\/wp\/v2\/product\/2458","targetHints":{"allow":["GET"]}}],"collection":[{"href":"https:\/\/sediaverde.nl\/de\/wp-json\/wp\/v2\/product"}],"about":[{"href":"https:\/\/sediaverde.nl\/de\/wp-json\/wp\/v2\/types\/product"}],"wp:featuredmedia":[{"embeddable":true,"href":"https:\/\/sediaverde.nl\/de\/wp-json\/wp\/v2\/media\/10335"}],"wp:attachment":[{"href":"https:\/\/sediaverde.nl\/de\/wp-json\/wp\/v2\/media?parent=2458"}],"wp:term":[{"taxonomy":"product_brand","embeddable":true,"href":"https:\/\/sediaverde.nl\/de\/wp-json\/wp\/v2\/product_brand?post=2458"},{"taxonomy":"product_cat","embeddable":true,"href":"https:\/\/sediaverde.nl\/de\/wp-json\/wp\/v2\/product_cat?post=2458"},{"taxonomy":"product_tag","embeddable":true,"href":"https:\/\/sediaverde.nl\/de\/wp-json\/wp\/v2\/product_tag?post=2458"}],"curies":[{"name":"wp","href":"https:\/\/api.w.org\/{rel}","templated":true}]}}